{"id":752,"date":"2022-04-28T08:07:33","date_gmt":"2022-04-28T08:07:33","guid":{"rendered":"https:\/\/s-r-l.ch\/?page_id=752"},"modified":"2026-04-02T14:25:36","modified_gmt":"2026-04-02T14:25:36","slug":"revision-metier","status":"publish","type":"page","link":"https:\/\/s-r-l.ch\/?page_id=752","title":{"rendered":"R\u00e9vision m\u00e9tier \u00ab\u00a0Laborantin(e) CFC\u00a0\u00bb"},"content":{"rendered":"\t\t<div data-elementor-type=\"wp-page\" data-elementor-id=\"752\" class=\"elementor elementor-752\" data-elementor-post-type=\"page\">\n\t\t\t\t\t\t<section class=\"elementor-section elementor-top-section elementor-element elementor-element-9a82798 elementor-section-boxed elementor-section-height-default elementor-section-height-default\" data-id=\"9a82798\" data-element_type=\"section\" data-e-type=\"section\">\n\t\t\t\t\t\t<div class=\"elementor-container elementor-column-gap-default\">\n\t\t\t\t\t<div class=\"elementor-column elementor-col-66 elementor-top-column elementor-element elementor-element-bb27ead\" data-id=\"bb27ead\" data-element_type=\"column\" data-e-type=\"column\">\n\t\t\t<div class=\"elementor-widget-wrap elementor-element-populated\">\n\t\t\t\t\t\t<div class=\"elementor-element elementor-element-a60b755 elementor-widget elementor-widget-spacer\" data-id=\"a60b755\" data-element_type=\"widget\" data-e-type=\"widget\" data-widget_type=\"spacer.default\">\n\t\t\t\t<div class=\"elementor-widget-container\">\n\t\t\t\t\t\t\t<div class=\"elementor-spacer\">\n\t\t\t<div class=\"elementor-spacer-inner\"><\/div>\n\t\t<\/div>\n\t\t\t\t\t\t<\/div>\n\t\t\t\t<\/div>\n\t\t\t\t\t<\/div>\n\t\t<\/div>\n\t\t\t\t<div class=\"elementor-column elementor-col-33 elementor-top-column elementor-element elementor-element-ff4b1bb\" data-id=\"ff4b1bb\" data-element_type=\"column\" data-e-type=\"column\">\n\t\t\t<div class=\"elementor-widget-wrap elementor-element-populated\">\n\t\t\t\t\t\t<div class=\"elementor-element elementor-element-b8c83d8 elementor-widget elementor-widget-spacer\" data-id=\"b8c83d8\" data-element_type=\"widget\" data-e-type=\"widget\" data-widget_type=\"spacer.default\">\n\t\t\t\t<div class=\"elementor-widget-container\">\n\t\t\t\t\t\t\t<div class=\"elementor-spacer\">\n\t\t\t<div class=\"elementor-spacer-inner\"><\/div>\n\t\t<\/div>\n\t\t\t\t\t\t<\/div>\n\t\t\t\t<\/div>\n\t\t\t\t\t<\/div>\n\t\t<\/div>\n\t\t\t\t\t<\/div>\n\t\t<\/section>\n\t\t\t\t<section class=\"elementor-section elementor-top-section elementor-element elementor-element-350544d elementor-section-boxed elementor-section-height-default elementor-section-height-default\" data-id=\"350544d\" data-element_type=\"section\" data-e-type=\"section\">\n\t\t\t\t\t\t<div class=\"elementor-container elementor-column-gap-default\">\n\t\t\t\t\t<div class=\"elementor-column elementor-col-100 elementor-top-column elementor-element elementor-element-5a8ace0\" data-id=\"5a8ace0\" data-element_type=\"column\" data-e-type=\"column\">\n\t\t\t<div class=\"elementor-widget-wrap elementor-element-populated\">\n\t\t\t\t\t\t<div class=\"elementor-element elementor-element-0b5ee48 elementor-widget elementor-widget-spacer\" data-id=\"0b5ee48\" data-element_type=\"widget\" data-e-type=\"widget\" data-widget_type=\"spacer.default\">\n\t\t\t\t<div class=\"elementor-widget-container\">\n\t\t\t\t\t\t\t<div class=\"elementor-spacer\">\n\t\t\t<div class=\"elementor-spacer-inner\"><\/div>\n\t\t<\/div>\n\t\t\t\t\t\t<\/div>\n\t\t\t\t<\/div>\n\t\t\t\t<div class=\"elementor-element elementor-element-12627c7 elementor-widget elementor-widget-heading\" data-id=\"12627c7\" data-element_type=\"widget\" data-e-type=\"widget\" data-widget_type=\"heading.default\">\n\t\t\t\t<div class=\"elementor-widget-container\">\n\t\t\t\t\t<h3 class=\"elementor-heading-title elementor-size-default\">Documents officiels actuels<\/h3>\t\t\t\t<\/div>\n\t\t\t\t<\/div>\n\t\t\t\t<div class=\"elementor-element elementor-element-d5546ab elementor-widget elementor-widget-text-editor\" data-id=\"d5546ab\" data-element_type=\"widget\" data-e-type=\"widget\" data-widget_type=\"text-editor.default\">\n\t\t\t\t<div class=\"elementor-widget-container\">\n\t\t\t\t\t\t\t\t\t<p><span style=\"color: #999999;\">Documents approuv\u00e9s par le SEFRI le 30 juin 2022\u00a0<br \/><\/span><span style=\"color: #0000ff;\"><a style=\"color: #0000ff;\" href=\"https:\/\/cfcgechimie.sharefile.eu\/home\/shared\/fo64e613-849d-4676-8a63-bffb6c5771a1\" target=\"_blank\" rel=\"noopener\">Acc\u00e8s au sharfile pour les membres SRL uniquement<\/a><\/span><\/p><p>\u00a0<\/p><h4>Ordonnance sur la formation professionnelle des laborantine\/laborantin (CFC)<\/h4><p style=\"text-align: left; padding-left: 40px;\"><span style=\"color: #0000ff;\"><a style=\"color: #0000ff;\" href=\"https:\/\/s-r-l.ch\/wp-content\/uploads\/2022\/08\/OrFP-laborantin-e-CFC-20220630_FR.pdf\" target=\"_blank\" rel=\"noopener\">\u00a0 \u00a0Fran\u00e7ais<\/a><\/span> &#8211; <a href=\"https:\/\/s-r-l.ch\/wp-content\/uploads\/2022\/08\/BiVo-Laborant-in-EFZ-20220630_DE.pdf\" target=\"_blank\" rel=\"noopener\"><span style=\"color: #0000ff;\">Allemand<\/span><\/a> &#8211; <a href=\"https:\/\/s-r-l.ch\/wp-content\/uploads\/2022\/08\/OrFP-laboratorista-AFC-20220630_IT.pdf\" target=\"_blank\" rel=\"noopener\"><span style=\"color: #0000ff;\">Italien<\/span><\/a><\/p><h4>Plan de formation des\u00a0laborantine\/laborantin (CFC)<\/h4><p style=\"padding-left: 40px;\"><a href=\"https:\/\/s-r-l.ch\/wp-content\/uploads\/2022\/08\/PF_Laborantin-e_CFC_F_20220630.pdf\" target=\"_blank\" rel=\"noopener\"><span style=\"color: #0000ff;\">\u00a0 \u00a0Fran\u00e7ais<\/span><\/a> &#8211; <a href=\"https:\/\/s-r-l.ch\/wp-content\/uploads\/2022\/08\/BiP_LaborantIn_EFZ_D_20220630.pdf\" target=\"_blank\" rel=\"noopener\"><span style=\"color: #0000ff;\">Allemand<\/span><\/a> &#8211; <a href=\"https:\/\/s-r-l.ch\/wp-content\/uploads\/2022\/08\/PF_Laboratorista_AFC_I_20220630.pdf\" target=\"_blank\" rel=\"noopener\"><span style=\"color: #0000ff;\">Italien<\/span><\/a><\/p><h4>FAQ\u00a0<\/h4><p style=\"padding-left: 40px;\"><a href=\"https:\/\/s-r-l.ch\/wp-content\/uploads\/2022\/08\/FR_FAQ_20220716.pdf\" target=\"_blank\" rel=\"noopener\"><span style=\"color: #0000ff;\">\u00a0 \u00a0Fran\u00e7ais<\/span> <\/a>&#8211; <a href=\"https:\/\/s-r-l.ch\/wp-content\/uploads\/2022\/08\/DE_FAQ_20220716.pdf\" target=\"_blank\" rel=\"noopener\"><span style=\"color: #0000ff;\">Allemand<\/span><\/a><\/p><p><span style=\"color: #ffffff;\"><span style=\"color: #0000ff;\"><a style=\"color: #0000ff;\" href=\"https:\/\/www.formationprof.ch\/dyn\/11007.aspx\" target=\"_blank\" rel=\"noopener\">Lexique de la formation professionnelle<\/a><\/span><\/span><\/p>\t\t\t\t\t\t\t\t<\/div>\n\t\t\t\t<\/div>\n\t\t\t\t<div class=\"elementor-element elementor-element-1395111 elementor-widget-divider--view-line elementor-widget elementor-widget-divider\" data-id=\"1395111\" data-element_type=\"widget\" data-e-type=\"widget\" data-widget_type=\"divider.default\">\n\t\t\t\t<div class=\"elementor-widget-container\">\n\t\t\t\t\t\t\t<div class=\"elementor-divider\">\n\t\t\t<span class=\"elementor-divider-separator\">\n\t\t\t\t\t\t<\/span>\n\t\t<\/div>\n\t\t\t\t\t\t<\/div>\n\t\t\t\t<\/div>\n\t\t\t\t\t<\/div>\n\t\t<\/div>\n\t\t\t\t\t<\/div>\n\t\t<\/section>\n\t\t\t\t<section class=\"elementor-section elementor-top-section elementor-element elementor-element-e0cb89c elementor-section-boxed elementor-section-height-default elementor-section-height-default\" data-id=\"e0cb89c\" data-element_type=\"section\" data-e-type=\"section\">\n\t\t\t\t\t\t<div class=\"elementor-container elementor-column-gap-default\">\n\t\t\t\t\t<div class=\"elementor-column elementor-col-100 elementor-top-column elementor-element elementor-element-dbbcd0d\" data-id=\"dbbcd0d\" data-element_type=\"column\" data-e-type=\"column\">\n\t\t\t<div class=\"elementor-widget-wrap elementor-element-populated\">\n\t\t\t\t\t\t<div class=\"elementor-element elementor-element-7be942a elementor-widget elementor-widget-accordion\" data-id=\"7be942a\" data-element_type=\"widget\" data-e-type=\"widget\" data-widget_type=\"accordion.default\">\n\t\t\t\t<div class=\"elementor-widget-container\">\n\t\t\t\t\t\t\t<div class=\"elementor-accordion\">\n\t\t\t\t\t\t\t<div class=\"elementor-accordion-item\">\n\t\t\t\t\t<div id=\"elementor-tab-title-1291\" class=\"elementor-tab-title\" data-tab=\"1\" role=\"button\" aria-controls=\"elementor-tab-content-1291\" aria-expanded=\"false\">\n\t\t\t\t\t\t\t\t\t\t\t\t\t<span class=\"elementor-accordion-icon elementor-accordion-icon-left\" aria-hidden=\"true\">\n\t\t\t\t\t\t\t\t\t\t\t\t\t\t\t<span class=\"elementor-accordion-icon-closed\"><i class=\"fas fa-plus\"><\/i><\/span>\n\t\t\t\t\t\t\t\t<span class=\"elementor-accordion-icon-opened\"><i class=\"fas fa-minus\"><\/i><\/span>\n\t\t\t\t\t\t\t\t\t\t\t\t\t\t<\/span>\n\t\t\t\t\t\t\t\t\t\t\t\t<a class=\"elementor-accordion-title\" tabindex=\"0\">Proc\u00e9dures de qualifications <\/a>\n\t\t\t\t\t<\/div>\n\t\t\t\t\t<div id=\"elementor-tab-content-1291\" class=\"elementor-tab-content elementor-clearfix\" data-tab=\"1\" role=\"region\" aria-labelledby=\"elementor-tab-title-1291\"><ul><li><strong><span style=\"color: #000000;\">Dispositions d\u2019ex\u00e9cution relatives \u00e0 la proc\u00e9dure de qualification avec examen final<\/span><\/strong><\/li><\/ul><p style=\"padding-left: 40px;\"><a style=\"background-color: var(--global--color-background); font-family: var(--global--font-secondary); font-size: var(--global--font-size-base);\" href=\"https:\/\/s-r-l.ch\/wp-content\/uploads\/2025\/11\/AB_QV_LaborantInEFZ_20260101_FR-2.pdf\" target=\"_blank\" rel=\"noopener\"><span style=\"color: #0000ff;\">\u00a0 \u00a0Fran\u00e7ais<\/span><\/a><span style=\"background-color: var(--global--color-background); color: var(--global--color-primary); font-family: var(--global--font-secondary); font-size: var(--global--font-size-base);\"> &#8211; <\/span><a style=\"background-color: var(--global--color-background); font-family: var(--global--font-secondary); font-size: var(--global--font-size-base);\" href=\"https:\/\/s-r-l.ch\/wp-content\/uploads\/2025\/11\/AB_QV_LaborantInEFZ_20260101_DE-2.pdf\" target=\"_blank\" rel=\"noopener\"><span style=\"color: #0000ff;\">Allemand<\/span><\/a><span style=\"background-color: var(--global--color-background); color: var(--global--color-primary); font-family: var(--global--font-secondary); font-size: var(--global--font-size-base);\"> &#8211; <\/span><a style=\"background-color: var(--global--color-background); font-family: var(--global--font-secondary); font-size: var(--global--font-size-base);\" href=\"https:\/\/s-r-l.ch\/wp-content\/uploads\/2025\/11\/AB_QV_LaborantInEFZ_20260101_IT-1.pdf\" target=\"_blank\" rel=\"noopener\"><span style=\"color: #0000ff;\">Italien<\/span><\/a><\/p><div><ul><li><span style=\"color: #000000;\"><strong>Guide pour la mise en oeuvre du domaine de qualification \u00ab\u00a0connaissances professionnelles\u00a0\u00bb<\/strong><\/span><\/li><\/ul><p style=\"padding-left: 40px;\"><span style=\"color: #0000ff;\">\u00a0 <a style=\"color: #0000ff;\" href=\"https:\/\/s-r-l.ch\/wp-content\/uploads\/2024\/01\/Aide-a-la-mise-en-oeuvre-du-domaine-de-qualification-connaissances-professionnelles.pdf\" target=\"_blank\" rel=\"noopener\">\u00a0Fran\u00e7ais<\/a><\/span><span style=\"background-color: var(--global--color-background); color: var(--global--color-primary); font-family: var(--global--font-secondary); font-size: var(--global--font-size-base);\"> &#8211; <\/span><a href=\"https:\/\/s-r-l.ch\/wp-content\/uploads\/2024\/01\/Handreichung-zur-Umsetzung-des-Qualifikationsbereichs-Berufskenntnisse.pdf\" target=\"_blank\" rel=\"noopener\"><span style=\"color: #0000ff;\">Allemand<\/span><\/a><span style=\"background-color: var(--global--color-background); color: var(--global--color-primary); font-family: var(--global--font-secondary); font-size: var(--global--font-size-base);\"> &#8211; <\/span><a href=\"https:\/\/s-r-l.ch\/wp-content\/uploads\/2024\/01\/Linee-guida-per-lattuazione-del-campo-di-qualificazione-conoscenze-professionali.pdf\" target=\"_blank\" rel=\"noopener\"><span style=\"color: #0000ff;\">Italien<\/span><\/a><\/p><ul><li><span style=\"color: #000000;\"><strong>Notice concernant l\u2019attribution des notes et le bulletin<\/strong><\/span><\/li><\/ul><p>\u00a0 \u00a0 \u00a0 \u00a0 \u00a0 <a style=\"background-color: var(--global--color-background); font-family: var(--global--font-secondary); font-size: var(--global--font-size-base);\" href=\"https:\/\/s-r-l.ch\/wp-content\/uploads\/2023\/02\/Notice-concernant-lattribution-des-notes-et-le-bulletin_FR_13_02_23.pdf\" target=\"_blank\" rel=\"noopener\"><span style=\"color: #0000ff;\">\u00a0Fran\u00e7ais<\/span><\/a><span style=\"background-color: var(--global--color-background); color: var(--global--color-primary); font-family: var(--global--font-secondary); font-size: var(--global--font-size-base);\"> &#8211; <\/span><a style=\"background-color: var(--global--color-background); font-family: var(--global--font-secondary); font-size: var(--global--font-size-base);\" href=\"https:\/\/s-r-l.ch\/wp-content\/uploads\/2023\/02\/Merkblatt-Notengebung-und-Zeugnis_DE_13_02_23.pdf\" target=\"_blank\" rel=\"noopener\"><span style=\"color: #0000ff;\">Allemand<\/span><\/a><span style=\"background-color: var(--global--color-background); color: var(--global--color-primary); font-family: var(--global--font-secondary); font-size: var(--global--font-size-base);\"> &#8211; <\/span><a style=\"background-color: var(--global--color-background); font-family: var(--global--font-secondary); font-size: var(--global--font-size-base);\" href=\"https:\/\/s-r-l.ch\/wp-content\/uploads\/2023\/02\/Assegnazione-delle-note-e-pagella-scheda-informativa_IT_13_02_23.pdf\" target=\"_blank\" rel=\"noopener\"><span style=\"color: #0000ff;\">Italien<\/span><\/a><\/p><p><span style=\"color: #ffffff;\">&#8211;<\/span><\/p><ul><li><strong style=\"color: #000000;\"><span style=\"color: #ff0000;\">New <\/span><b data-path-to-node=\"2\" data-index-in-node=\"194\">Directives relatives aux attestations de comp\u00e9tences <\/b><\/strong><span style=\"color: #333333;\"><em>(ajout\u00e9 le 2 avril 2026)<\/em><\/span><\/li><\/ul><p><a style=\"background-color: var(--global--color-background); font-family: var(--global--font-secondary); font-size: var(--global--font-size-base);\" href=\"https:\/\/s-r-l.ch\/wp-content\/uploads\/2026\/04\/Leitfaden-Kompetenznachweise-FR.pdf\" target=\"_blank\" rel=\"noopener\"><span style=\"color: #0000ff;\"><span style=\"color: #000000;\">\u00a0 \u00a0 \u00a0 \u00a0 \u00a0 \u00a0<\/span> Fran\u00e7ais<\/span><\/a><span style=\"background-color: var(--global--color-background); color: var(--global--color-primary); font-family: var(--global--font-secondary); font-size: var(--global--font-size-base);\"> &#8211; <\/span><a style=\"background-color: var(--global--color-background); font-family: var(--global--font-secondary); font-size: var(--global--font-size-base);\" href=\"https:\/\/s-r-l.ch\/wp-content\/uploads\/2026\/04\/Leitfaden-Kompetenznachweise-DE.pdf\" target=\"_blank\" rel=\"noopener\"><span style=\"color: #0000ff;\">Allemand<\/span><\/a><span style=\"background-color: var(--global--color-background); color: var(--global--color-primary); font-family: var(--global--font-secondary); font-size: var(--global--font-size-base);\"> &#8211; <\/span><a style=\"background-color: var(--global--color-background); font-family: var(--global--font-secondary); font-size: var(--global--font-size-base);\" href=\"https:\/\/s-r-l.ch\/wp-content\/uploads\/2026\/04\/Leitfaden-Kompetenznachweise-IT.pdf\" target=\"_blank\" rel=\"noopener\"><span style=\"color: #0000ff;\">Italien<\/span><\/a><\/p><\/div><p><span style=\"color: #ffffff;\">&#8211;<\/span><\/p><p><span style=\"color: #ffffff;\"><em><span style=\"color: #333333;\">CC mis \u00e0 jour le 2 avril 2026 :<\/span><\/em><\/span><\/p><p>\u00a0<\/p><ul><li><span style=\"color: #000000;\"><strong>Contr\u00f4le de comp\u00e9tences des CIE<\/strong><\/span><ul><li><span style=\"color: #000000;\">Biologie<\/span> <a style=\"background-color: var(--global--color-background); font-family: var(--global--font-secondary); font-size: var(--global--font-size-base);\" href=\"https:\/\/s-r-l.ch\/wp-content\/uploads\/2026\/04\/CC-CIE-biologie-20260211_FR.xlsx\" target=\"_blank\" rel=\"noopener\"><span style=\"color: #0000ff;\">\u00a0Fran\u00e7ais<\/span><\/a><span style=\"background-color: var(--global--color-background); color: var(--global--color-primary); font-family: var(--global--font-secondary); font-size: var(--global--font-size-base);\"> &#8211; <\/span><a style=\"font-family: var(--list--font-family); background-color: var(--global--color-background); font-size: var(--global--font-size-base);\" href=\"https:\/\/s-r-l.ch\/wp-content\/uploads\/2026\/04\/KN-uK-Biologie-20260211_DE.xlsx\"><span style=\"color: #0000ff;\">Allemand<\/span><\/a><span style=\"background-color: var(--global--color-background); color: var(--global--color-primary); font-family: var(--global--font-secondary); font-size: var(--global--font-size-base);\"> &#8211; <\/span><a style=\"background-color: var(--global--color-background); font-family: var(--global--font-secondary); font-size: var(--global--font-size-base);\" href=\"https:\/\/s-r-l.ch\/wp-content\/uploads\/2026\/04\/CC-CIA-biologia-20260211_IT.xlsx\" target=\"_blank\" rel=\"noopener\"><span style=\"color: #0000ff;\">Italien<\/span><\/a><\/li><li><span style=\"color: #000000;\">Chimie<\/span>\u00a0 \u00a0 <a style=\"background-color: var(--global--color-background); font-family: var(--global--font-secondary); font-size: var(--global--font-size-base);\" href=\"https:\/\/s-r-l.ch\/wp-content\/uploads\/2026\/04\/CC-CIE-chimie-20260211_FR.xlsx\" target=\"_blank\" rel=\"noopener\"><span style=\"color: #0000ff;\">Fran\u00e7ais<\/span><\/a><span style=\"background-color: var(--global--color-background); color: var(--global--color-primary); font-family: var(--global--font-secondary); font-size: var(--global--font-size-base);\"> &#8211; <\/span><a style=\"font-family: var(--list--font-family); background-color: var(--global--color-background); font-size: var(--global--font-size-base);\" href=\"https:\/\/s-r-l.ch\/wp-content\/uploads\/2026\/04\/KN-uK-Chemie-20260211_DE.xlsx\"><span style=\"color: #0000ff;\">Allemand<\/span><\/a><span style=\"background-color: var(--global--color-background); color: var(--global--color-primary); font-family: var(--global--font-secondary); font-size: var(--global--font-size-base);\"> &#8211; <\/span><a style=\"background-color: var(--global--color-background); font-family: var(--global--font-secondary); font-size: var(--global--font-size-base);\" href=\"https:\/\/s-r-l.ch\/wp-content\/uploads\/2026\/04\/CC-CIA-chimica-20260211_IT.xlsx\" target=\"_blank\" rel=\"noopener\"><span style=\"color: #0000ff;\">Italien<\/span><\/a><\/li><li><span style=\"color: #000000;\">Peinture et vernis<\/span>\u00a0 \u00a0 <a style=\"background-color: var(--global--color-background); font-family: var(--global--font-secondary); font-size: var(--global--font-size-base);\" href=\"https:\/\/s-r-l.ch\/wp-content\/uploads\/2026\/04\/KN-uK-Farbe_Lack-20260211_DE.xlsx\" target=\"_blank\" rel=\"noopener\"><span style=\"color: #0000ff;\">Allemand<\/span><\/a><\/li><li><span style=\"color: #000000;\">Textile\u00a0 \u00a0 \u00a0<\/span> \u00a0 \u00a0 \u00a0 \u00a0 \u00a0 \u00a0 \u00a0 \u00a0 <a style=\"background-color: var(--global--color-background); font-family: var(--global--font-secondary); font-size: var(--global--font-size-base);\" href=\"https:\/\/s-r-l.ch\/wp-content\/uploads\/2026\/04\/KN-uK-Textil-20260211_DE.xlsx\" target=\"_blank\" rel=\"noopener\"><span style=\"color: #0000ff;\">Allemand<\/span><\/a><\/li><\/ul><\/li><\/ul><p><span style=\"color: #ffffff;\">&#8211;<\/span><\/p><ul><li><span style=\"color: #000000;\"><strong>Contr\u00f4le des comp\u00e9tences en entreprise<\/strong><\/span><ul><li><span style=\"color: #000000;\">Biologie<\/span> <a style=\"background-color: var(--global--color-background); font-family: var(--global--font-secondary); font-size: var(--global--font-size-base);\" href=\"https:\/\/s-r-l.ch\/wp-content\/uploads\/2026\/04\/CC-entreprise-biologie-20260211_FR.xlsx\" target=\"_blank\" rel=\"noopener\"><span style=\"color: #0000ff;\">\u00a0Fran\u00e7ais<\/span><\/a><span style=\"background-color: var(--global--color-background); color: var(--global--color-primary); font-family: var(--global--font-secondary); font-size: var(--global--font-size-base);\"> &#8211; <\/span><a href=\"https:\/\/s-r-l.ch\/wp-content\/uploads\/2026\/04\/KN-Betrieb-Biologie-20260211_DE.xlsx\"><span style=\"color: #0000ff;\">Allemand<\/span><\/a><span style=\"background-color: var(--global--color-background); color: var(--global--color-primary); font-family: var(--global--font-secondary); font-size: var(--global--font-size-base);\"> &#8211; <\/span><a style=\"background-color: var(--global--color-background); font-family: var(--global--font-secondary); font-size: var(--global--font-size-base);\" href=\"https:\/\/s-r-l.ch\/wp-content\/uploads\/2026\/04\/CC-azienda-biologia-20260211_IT.xlsx\" target=\"_blank\" rel=\"noopener\"><span style=\"color: #0000ff;\">Italien<\/span><\/a><\/li><li><span style=\"color: #000000;\">Chimie<\/span>\u00a0 \u00a0 <a style=\"background-color: var(--global--color-background); font-family: var(--global--font-secondary); font-size: var(--global--font-size-base);\" href=\"https:\/\/s-r-l.ch\/wp-content\/uploads\/2026\/04\/CC-entreprise-chimie-20260211_FR.xlsx\" target=\"_blank\" rel=\"noopener\"><span style=\"color: #0000ff;\">Fran\u00e7ais<\/span><\/a><span style=\"background-color: var(--global--color-background); color: var(--global--color-primary); font-family: var(--global--font-secondary); font-size: var(--global--font-size-base);\"> &#8211; <\/span><a href=\"https:\/\/s-r-l.ch\/wp-content\/uploads\/2026\/04\/KN-Betrieb-Chemie-20260211_DE.xlsx\"><span style=\"color: #0000ff;\">Allemand<\/span><\/a><span style=\"background-color: var(--global--color-background); color: var(--global--color-primary); font-family: var(--global--font-secondary); font-size: var(--global--font-size-base);\"> &#8211; <\/span><a style=\"background-color: var(--global--color-background); font-family: var(--global--font-secondary); font-size: var(--global--font-size-base);\" href=\"https:\/\/s-r-l.ch\/wp-content\/uploads\/2026\/04\/CC-azienda-chimica-20260211_IT.xlsx\" target=\"_blank\" rel=\"noopener\"><span style=\"color: #0000ff;\">Italien<\/span><\/a><\/li><li><span style=\"color: #000000;\">Peinture et vernis<\/span>\u00a0 \u00a0<span style=\"background-color: var(--global--color-background); color: var(--global--color-primary); font-family: var(--global--font-secondary); font-size: var(--global--font-size-base);\">\u00a0<\/span><a style=\"background-color: var(--global--color-background); font-family: var(--global--font-secondary); font-size: var(--global--font-size-base);\" href=\"https:\/\/s-r-l.ch\/wp-content\/uploads\/2026\/04\/KN-Betrieb-Farbe_Lack-20260211_DE.xlsx\" target=\"_blank\" rel=\"noopener\"><span style=\"color: #0000ff;\">Allemand<\/span><\/a>\u00a0<\/li><li><span style=\"color: #000000;\">Textile\u00a0<\/span> \u00a0 \u00a0 \u00a0 \u00a0 \u00a0 \u00a0 \u00a0 \u00a0 \u00a0 \u00a0 <a style=\"background-color: var(--global--color-background); font-family: var(--global--font-secondary); font-size: var(--global--font-size-base);\" href=\"https:\/\/s-r-l.ch\/wp-content\/uploads\/2026\/04\/KN-Betrieb-Textil-20260211_DE.xlsx\" target=\"_blank\" rel=\"noopener\"><span style=\"color: #0000ff;\">Allemand<\/span><\/a><\/li><\/ul><\/li><\/ul><p><span style=\"color: #ffffff;\">&#8211;<\/span><\/p><ul><li><span style=\"color: #000000;\"><strong>Exigences pos\u00e9es aux formateurs \/ Liste des professions apparent\u00e9es\u00a0<\/strong><\/span><\/li><\/ul><p style=\"padding-left: 40px;\">\u00a0 <a style=\"color: #0000ff;\" href=\"https:\/\/s-r-l.ch\/wp-content\/uploads\/2023\/02\/Liste-des-professions-aparantees-20230101_FR.pdf\" target=\"_blank\" rel=\"noopener\">Fran\u00e7ais<\/a><span style=\"background-color: var(--global--color-background); color: var(--global--color-primary); font-family: var(--global--font-secondary); font-size: var(--global--font-size-base);\"> &#8211; <\/span><a style=\"background-color: var(--global--color-background); font-family: var(--global--font-secondary); font-size: var(--global--font-size-base);\" href=\"https:\/\/s-r-l.ch\/wp-content\/uploads\/2023\/01\/Liste-der-verwandten-Berufe-20230101_DE.pdf\" target=\"_blank\" rel=\"noopener\"><span style=\"color: #0000ff;\">Allemand<\/span><\/a><span style=\"background-color: var(--global--color-background); color: var(--global--color-primary); font-family: var(--global--font-secondary); font-size: var(--global--font-size-base);\"> &#8211; <\/span><a style=\"background-color: var(--global--color-background); font-family: var(--global--font-secondary); font-size: var(--global--font-size-base);\" href=\"https:\/\/s-r-l.ch\/wp-content\/uploads\/2023\/02\/Lista-delle-professioni-affini-20230101_IT.pdf\" target=\"_blank\" rel=\"noopener\"><span style=\"color: #0000ff;\">Italien<\/span><\/a><\/p><p><span style=\"color: #ffffff;\">&#8211;<\/span><\/p><ul><li><span style=\"color: #000000;\"><strong>Mod\u00e8le de dossier de formation<\/strong><\/span><\/li><\/ul><p style=\"padding-left: 40px;\"><a style=\"color: #0000ff;\" href=\"https:\/\/s-r-l.ch\/wp-content\/uploads\/2023\/01\/Modele-de-dossier-de-formation_20230101_FR.pdf\" target=\"_blank\" rel=\"noopener\">\u00a0 Fran\u00e7ais<\/a><span style=\"background-color: var(--global--color-background); color: var(--global--color-primary); font-family: var(--global--font-secondary); font-size: var(--global--font-size-base);\"> &#8211; <\/span><a style=\"background-color: var(--global--color-background); font-family: var(--global--font-secondary); font-size: var(--global--font-size-base);\" href=\"https:\/\/s-r-l.ch\/wp-content\/uploads\/2023\/01\/Vorlage-zur-Lerndokumentation_20230101_DE.pdf\" target=\"_blank\" rel=\"noopener\"><span style=\"color: #0000ff;\">Allemand<\/span><\/a><span style=\"background-color: var(--global--color-background); color: var(--global--color-primary); font-family: var(--global--font-secondary); font-size: var(--global--font-size-base);\"> &#8211; <\/span><a style=\"background-color: var(--global--color-background); font-family: var(--global--font-secondary); font-size: var(--global--font-size-base);\" href=\"https:\/\/s-r-l.ch\/wp-content\/uploads\/2023\/01\/Proposta-per-la-documentazione-dellapprendimento_20230101_IT.pdf\" target=\"_blank\" rel=\"noopener\"><span style=\"color: #0000ff;\">Italien<\/span><\/a><\/p><\/div>\n\t\t\t\t<\/div>\n\t\t\t\t\t\t\t<div class=\"elementor-accordion-item\">\n\t\t\t\t\t<div id=\"elementor-tab-title-1292\" class=\"elementor-tab-title\" data-tab=\"2\" role=\"button\" aria-controls=\"elementor-tab-content-1292\" aria-expanded=\"false\">\n\t\t\t\t\t\t\t\t\t\t\t\t\t<span class=\"elementor-accordion-icon elementor-accordion-icon-left\" aria-hidden=\"true\">\n\t\t\t\t\t\t\t\t\t\t\t\t\t\t\t<span class=\"elementor-accordion-icon-closed\"><i class=\"fas fa-plus\"><\/i><\/span>\n\t\t\t\t\t\t\t\t<span class=\"elementor-accordion-icon-opened\"><i class=\"fas fa-minus\"><\/i><\/span>\n\t\t\t\t\t\t\t\t\t\t\t\t\t\t<\/span>\n\t\t\t\t\t\t\t\t\t\t\t\t<a class=\"elementor-accordion-title\" tabindex=\"0\">CIE Cours Inter-Entreprises <\/a>\n\t\t\t\t\t<\/div>\n\t\t\t\t\t<div id=\"elementor-tab-content-1292\" class=\"elementor-tab-content elementor-clearfix\" data-tab=\"2\" role=\"region\" aria-labelledby=\"elementor-tab-title-1292\"><ul><li><strong>R\u00e8glement d&rsquo;organisation<\/strong><\/li><\/ul><p><span style=\"color: #0000ff;\">\u00a0 \u00a0 \u00a0 \u00a0 \u00a0 <a style=\"color: #0000ff;\" href=\"https:\/\/s-r-l.ch\/wp-content\/uploads\/2023\/01\/Reglement_dorganisation_CIE_V6.1_20230101_FR.pdf\" target=\"_blank\" rel=\"noopener\">Fran\u00e7ais<\/a><\/span> &#8211; <a href=\"https:\/\/s-r-l.ch\/wp-content\/uploads\/2023\/01\/Organisationsreglement-uK_V6.1_20230101_DE.pdf\" target=\"_blank\" rel=\"noopener\"><span style=\"color: #0000ff;\">Allemand<\/span><\/a> &#8211; <a href=\"https:\/\/s-r-l.ch\/wp-content\/uploads\/2023\/01\/Regolamento_dei_CIA_V6.1_20230101_IT.pdf\" target=\"_blank\" rel=\"noopener\"><span style=\"color: #0000ff;\">Italien<\/span><\/a><\/p><\/div>\n\t\t\t\t<\/div>\n\t\t\t\t\t\t\t<div class=\"elementor-accordion-item\">\n\t\t\t\t\t<div id=\"elementor-tab-title-1293\" class=\"elementor-tab-title\" data-tab=\"3\" role=\"button\" aria-controls=\"elementor-tab-content-1293\" aria-expanded=\"false\">\n\t\t\t\t\t\t\t\t\t\t\t\t\t<span class=\"elementor-accordion-icon elementor-accordion-icon-left\" aria-hidden=\"true\">\n\t\t\t\t\t\t\t\t\t\t\t\t\t\t\t<span class=\"elementor-accordion-icon-closed\"><i class=\"fas fa-plus\"><\/i><\/span>\n\t\t\t\t\t\t\t\t<span class=\"elementor-accordion-icon-opened\"><i class=\"fas fa-minus\"><\/i><\/span>\n\t\t\t\t\t\t\t\t\t\t\t\t\t\t<\/span>\n\t\t\t\t\t\t\t\t\t\t\t\t<a class=\"elementor-accordion-title\" tabindex=\"0\">Enseignement <\/a>\n\t\t\t\t\t<\/div>\n\t\t\t\t\t<div id=\"elementor-tab-content-1293\" class=\"elementor-tab-content elementor-clearfix\" data-tab=\"3\" role=\"region\" aria-labelledby=\"elementor-tab-title-1293\"><ul><li><ul><li><strong>Argumentaire en faveur de l&rsquo;enseignement<\/strong><\/li><\/ul><p><span style=\"color: #0000ff;\"><a style=\"color: #0000ff;\" href=\"https:\/\/s-r-l.ch\/wp-content\/uploads\/2022\/05\/Argumentaire_Ecole_Professionnelle.pdf\" target=\"_blank\" rel=\"noopener\">\u00a0 \u00a0 \u00a0 \u00a0 \u00a0 Fran\u00e7ais<\/a><\/span> &#8211; <span style=\"color: #0000ff;\"><a style=\"color: #0000ff;\" href=\"https:\/\/s-r-l.ch\/wp-content\/uploads\/2022\/05\/Argumentarium_Berufsfachschule_DE.pdf\" target=\"_blank\" rel=\"noopener\">Allemand<\/a><\/span> &#8211;<span style=\"color: #0000ff;\"> <a style=\"color: #0000ff;\" href=\"https:\/\/s-r-l.ch\/wp-content\/uploads\/2022\/05\/Argomentario_Scuola_Professionale_IT.pdf\" target=\"_blank\" rel=\"noopener\">Italien<\/a><\/span><\/p><p><span style=\"color: #ffffff;\">&#8211;<\/span><\/p><ul><li><strong>Aide de mise en \u0153uvre pour les \u00e9coles professionnelle<\/strong><\/li><\/ul><p style=\"line-height: var(--wp--typography--line-height, var(--global--line-height-body));\"><span style=\"color: #0000ff;\"><a style=\"color: #0000ff;\" href=\"https:\/\/s-r-l.ch\/wp-content\/uploads\/2022\/05\/Aide_a_la_mise_en_oeuvre_EP-FR.pdf\" target=\"_blank\" rel=\"noopener\">\u00a0 \u00a0 \u00a0 \u00a0 \u00a0 Fran\u00e7ais<\/a><\/span>\u00a0&#8211;\u00a0<span style=\"color: #0000ff;\"><a style=\"color: #0000ff;\" href=\"https:\/\/s-r-l.ch\/wp-content\/uploads\/2022\/05\/Handreichung_BFS-DE.pdf\" target=\"_blank\" rel=\"noopener\">Allemand<\/a><\/span>\u00a0&#8211;\u00a0<span style=\"color: #0000ff;\"><a style=\"color: #0000ff;\" href=\"https:\/\/s-r-l.ch\/wp-content\/uploads\/2022\/05\/Linee_guida_SP-IT.pdf\" target=\"_blank\" rel=\"noopener\">Italien<\/a><\/span><\/p><p><span style=\"color: #ffffff;\">&#8211;<\/span><\/p><ul><li><b>Programme d&rsquo;enseignement possible orientation Chimie<\/b><\/li><\/ul><p><span style=\"color: #0000ff;\"><a style=\"color: #0000ff;\" href=\"https:\/\/s-r-l.ch\/wp-content\/uploads\/2022\/05\/Programme-d-etudes-possible-orientation-chimie-V7.xlsx\" target=\"_blank\" rel=\"noopener\">\u00a0 \u00a0 \u00a0 \u00a0 \u00a0 Fran\u00e7ais<\/a><\/span> &#8211;<span style=\"color: #0000ff;\"><a style=\"color: #0000ff;\" href=\"https:\/\/s-r-l.ch\/wp-content\/uploads\/2022\/05\/moglicher-Schullehrplan-FR-Chemie-V7.xlsx\" target=\"_blank\" rel=\"noopener\"> Allemand<\/a><\/span> &#8211;<span style=\"color: #0000ff;\"> <a style=\"color: #0000ff;\" href=\"https:\/\/s-r-l.ch\/wp-content\/uploads\/2022\/05\/possibile-piano-scolastico-orientazione-chimica-IT-V7.xlsx\" target=\"_blank\" rel=\"noopener\">Italien<\/a><\/span><\/p><p><span style=\"color: #ffffff;\">&#8211;<\/span><\/p><ul><li><strong>Programme d&rsquo;enseignement possible orientation Biologie<\/strong><\/li><\/ul><p><span style=\"color: #0000ff;\">\u00a0 \u00a0\u00a0 \u00a0\u00a0 \u00a0\u00a0<a style=\"color: #0000ff;\" href=\"https:\/\/s-r-l.ch\/wp-content\/uploads\/2022\/05\/Programme-d-etudes-possible-orientation-biologie-V1.xlsx\" target=\"_blank\" rel=\"noopener\">Fran\u00e7ais<\/a><\/span> &#8211; <span style=\"color: #0000ff;\"><a style=\"color: #0000ff;\" href=\"https:\/\/s-r-l.ch\/wp-content\/uploads\/2022\/05\/moglicher-Schullehrplan-FR-Biologie-V1.xlsx\" target=\"_blank\" rel=\"noopener\">Allemand<\/a><\/span> &#8211; <span style=\"color: #0000ff;\"><a style=\"color: #0000ff;\" href=\"https:\/\/s-r-l.ch\/wp-content\/uploads\/2022\/05\/possibile-piano-scolastico-orientazione-biologia-IT-V1.xlsx\" target=\"_blank\" rel=\"noopener\">Italien<\/a><\/span><\/p><p><span style=\"color: #ffffff;\">&#8211;<\/span><\/p><ul><li><strong>Programme d&rsquo;enseignement possible orientation Peinture et Vernis<\/strong><\/li><\/ul><p><a style=\"color: #0000ff;\" href=\"https:\/\/s-r-l.ch\/wp-content\/uploads\/2022\/05\/moglicher-Schullehrplan-FR-Farbe-u-Lack-V1.xlsx\" target=\"_blank\" rel=\"noopener\">\u00a0 \u00a0 \u00a0 \u00a0 \u00a0 Allemand<\/a><\/p><p><span style=\"color: #ffffff;\">&#8211;<\/span><\/p><p><span style=\"color: #0000ff;\"><a style=\"color: #0000ff;\" href=\"http:\/\/www.sbfi.admin.ch\/procedure-d-audition\" target=\"_blank\" rel=\"noopener\">www.sbfi.admin.ch\/procedure-d-audition<\/a><\/span><\/p><p><span style=\"color: #0000ff;\"><a style=\"color: #0000ff;\" href=\"https:\/\/s-r-l.ch\/wp-content\/uploads\/2022\/04\/IAK-LaborantIn-EFZ-v4.2-20220311_FR-1.pdf\" target=\"_blank\" rel=\"noopener\">Concept d\u2019information et de formation (CIF) &#8211; 13.3.2022<\/a><\/span><\/p><p><span style=\"color: #ffffff;\">&#8211;<\/span><\/p><\/li><\/ul><\/div>\n\t\t\t\t<\/div>\n\t\t\t\t\t\t\t<div class=\"elementor-accordion-item\">\n\t\t\t\t\t<div id=\"elementor-tab-title-1294\" class=\"elementor-tab-title\" data-tab=\"4\" role=\"button\" aria-controls=\"elementor-tab-content-1294\" aria-expanded=\"false\">\n\t\t\t\t\t\t\t\t\t\t\t\t\t<span class=\"elementor-accordion-icon elementor-accordion-icon-left\" aria-hidden=\"true\">\n\t\t\t\t\t\t\t\t\t\t\t\t\t\t\t<span class=\"elementor-accordion-icon-closed\"><i class=\"fas fa-plus\"><\/i><\/span>\n\t\t\t\t\t\t\t\t<span class=\"elementor-accordion-icon-opened\"><i class=\"fas fa-minus\"><\/i><\/span>\n\t\t\t\t\t\t\t\t\t\t\t\t\t\t<\/span>\n\t\t\t\t\t\t\t\t\t\t\t\t<a class=\"elementor-accordion-title\" tabindex=\"0\">S\u00e9ance du 4 mai 2022 Webinar<\/a>\n\t\t\t\t\t<\/div>\n\t\t\t\t\t<div id=\"elementor-tab-content-1294\" class=\"elementor-tab-content elementor-clearfix\" data-tab=\"4\" role=\"region\" aria-labelledby=\"elementor-tab-title-1294\"><ul><li><ul style=\"padding-left: calc(2 * var(--global--spacing-horizontal)); font-family: var(--list--font-family);\"><li>Laborantine\/laborantin CFC nouvelles prescriptions sur la formation \u00e0 la rentr\u00e9e 2023 Pr\u00e9sentation<\/li><\/ul><p style=\"line-height: var(--wp--typography--line-height, var(--global--line-height-body));\"><a href=\"https:\/\/s-r-l.ch\/wp-content\/uploads\/2022\/05\/Laborantine_Laborantin-CFC_seance-dinformation20220504-presentation.pdf\" target=\"_blank\" rel=\"noopener\">\u00a0 \u00a0 \u00a0 \u00a0 \u00a0\u00a0<span style=\"color: #0000ff;\">Fran\u00e7ais<\/span><\/a><span style=\"color: #0000ff;\">\u00a0&#8211;\u00a0<a style=\"color: #0000ff;\" href=\"https:\/\/s-r-l.ch\/wp-content\/uploads\/2022\/05\/Laborantin_Laborant-EFZ_-Informationsveranstaltung20220505-Prasentation.pdf\" target=\"_blank\" rel=\"noopener\">Allemand<\/a>\u00a0&#8211;\u00a0<a style=\"color: #0000ff;\" href=\"https:\/\/s-r-l.ch\/wp-content\/uploads\/2022\/05\/Laboratorista-AFC_Incontro-informativo-20220510-presentazione.pdf\" target=\"_blank\" rel=\"noopener\">Italien<\/a><\/span><\/p><\/li><\/ul><\/div>\n\t\t\t\t<\/div>\n\t\t\t\t\t\t\t<div class=\"elementor-accordion-item\">\n\t\t\t\t\t<div id=\"elementor-tab-title-1295\" class=\"elementor-tab-title\" data-tab=\"5\" role=\"button\" aria-controls=\"elementor-tab-content-1295\" aria-expanded=\"false\">\n\t\t\t\t\t\t\t\t\t\t\t\t\t<span class=\"elementor-accordion-icon elementor-accordion-icon-left\" aria-hidden=\"true\">\n\t\t\t\t\t\t\t\t\t\t\t\t\t\t\t<span class=\"elementor-accordion-icon-closed\"><i class=\"fas fa-plus\"><\/i><\/span>\n\t\t\t\t\t\t\t\t<span class=\"elementor-accordion-icon-opened\"><i class=\"fas fa-minus\"><\/i><\/span>\n\t\t\t\t\t\t\t\t\t\t\t\t\t\t<\/span>\n\t\t\t\t\t\t\t\t\t\t\t\t<a class=\"elementor-accordion-title\" tabindex=\"0\">S\u00e9ance du 9 f\u00e9vrier 2023 \u2013 Webinar<\/a>\n\t\t\t\t\t<\/div>\n\t\t\t\t\t<div id=\"elementor-tab-content-1295\" class=\"elementor-tab-content elementor-clearfix\" data-tab=\"5\" role=\"region\" aria-labelledby=\"elementor-tab-title-1295\"><ul><li><ul style=\"padding-left: calc(2 * var(--global--spacing-horizontal)); font-family: var(--list--font-family);\"><li><ul><li><span style=\"color: #0000ff;\"><strong><span style=\"color: #000000;\">Laborantine\/Laborantin CFC nouvelles prescriptions sur la formation \u00e0 la rentr\u00e9e 2023<\/span><\/strong><\/span><\/li><\/ul><p style=\"padding-left: 40px;\"><a style=\"background-color: var(--global--color-background); font-family: var(--global--font-secondary); font-size: var(--global--font-size-base);\" href=\"https:\/\/s-r-l.ch\/wp-content\/uploads\/2023\/02\/Laborantine_Laborantin_CFC_formation-webinaire20230209-presentation-1.pdf\" target=\"_blank\" rel=\"noopener\"><span style=\"color: #0000ff;\">\u00a0 \u00a0Fran\u00e7ais<\/span> <\/a><span style=\"background-color: var(--global--color-background); color: var(--global--color-primary); font-family: var(--global--font-secondary); font-size: var(--global--font-size-base);\">&#8211; <\/span><a style=\"background-color: var(--global--color-background); font-family: var(--global--font-secondary); font-size: var(--global--font-size-base);\" href=\"https:\/\/s-r-l.ch\/wp-content\/uploads\/2023\/02\/Laborantin_Laborant-EFZ_Schulung-Webinar20230208-Praesentation.pdf\" target=\"_blank\" rel=\"noopener\"><span style=\"color: #0000ff;\">Allemand<\/span><\/a><span style=\"background-color: var(--global--color-background); color: var(--global--color-primary); font-family: var(--global--font-secondary); font-size: var(--global--font-size-base);\">\u00a0<\/span><\/p><p><span style=\"color: #ffffff;\">&#8211;<\/span><\/p><ul style=\"padding-left: calc(2 * var(--global--spacing-horizontal)); font-family: var(--list--font-family);\"><li>Tableau de coordination entre lieux de formation et taxonomie\u00a0<\/li><\/ul><p style=\"line-height: var(--wp--typography--line-height, var(--global--line-height-body));\"><a href=\"https:\/\/s-r-l.ch\/wp-content\/uploads\/2023\/01\/Tableau_CLF_laborantins_avec-taxonomie_20230101_FR.pdf\" target=\"_blank\" rel=\"noopener\">\u00a0 \u00a0 \u00a0 \u00a0 \u00a0\u00a0<span style=\"color: #0000ff;\">Fran\u00e7ais<\/span><\/a><span style=\"color: #0000ff;\">\u00a0&#8211;\u00a0<a style=\"color: #0000ff;\" href=\"https:\/\/s-r-l.ch\/wp-content\/uploads\/2023\/01\/LOK-Tabelle_Laboranten_mit-Taxonomie_20230101_DE.pdf\" target=\"_blank\" rel=\"noopener\">Allemand<\/a>\u00a0&#8211;\u00a0<a style=\"color: #0000ff;\" href=\"https:\/\/s-r-l.ch\/wp-content\/uploads\/2023\/01\/Tavolo_CLF_laboratoristi_con-la-tassonomia_20230101_IT.pdf\" target=\"_blank\" rel=\"noopener\">Italien<\/a><\/span><\/p><\/li><\/ul><p style=\"line-height: var(--wp--typography--line-height, var(--global--line-height-body));\">\u00a0<\/p><\/li><\/ul><\/div>\n\t\t\t\t<\/div>\n\t\t\t\t\t\t\t\t<\/div>\n\t\t\t\t\t\t<\/div>\n\t\t\t\t<\/div>\n\t\t\t\t\t<\/div>\n\t\t<\/div>\n\t\t\t\t\t<\/div>\n\t\t<\/section>\n\t\t\t\t<\/div>\n\t\t","protected":false},"excerpt":{"rendered":"<p>Documents officiels actuels Documents approuv\u00e9s par le SEFRI le 30 juin 2022\u00a0Acc\u00e8s au sharfile pour les membres SRL uniquement \u00a0 Ordonnance sur la formation professionnelle des laborantine\/laborantin (CFC) \u00a0 \u00a0Fran\u00e7ais &#8211; Allemand &#8211; Italien Plan de formation des\u00a0laborantine\/laborantin (CFC) \u00a0 \u00a0Fran\u00e7ais &#8211; Allemand &#8211; Italien FAQ\u00a0 \u00a0 \u00a0Fran\u00e7ais &#8211; Allemand Lexique de la formation professionnelle&hellip; <a class=\"more-link\" href=\"https:\/\/s-r-l.ch\/?page_id=752\">Poursuivre la lecture <span class=\"screen-reader-text\">R\u00e9vision m\u00e9tier \u00ab\u00a0Laborantin(e) CFC\u00a0\u00bb<\/span><\/a><\/p>\n","protected":false},"author":1,"featured_media":0,"parent":0,"menu_order":0,"comment_status":"closed","ping_status":"closed","template":"elementor_header_footer","meta":{"footnotes":""},"class_list":["post-752","page","type-page","status-publish","hentry","entry"],"yoast_head":"<!-- This site is optimized with the Yoast SEO plugin v27.6 - https:\/\/yoast.com\/product\/yoast-seo-wordpress\/ -->\n<title>R\u00e9vision m\u00e9tier &quot;Laborantin(e) CFC&quot; - Section Romande des Laboratoires<\/title>\n<meta name=\"robots\" content=\"index, follow, max-snippet:-1, max-image-preview:large, max-video-preview:-1\" \/>\n<link rel=\"canonical\" href=\"https:\/\/s-r-l.ch\/?page_id=752\" \/>\n<meta property=\"og:locale\" content=\"fr_FR\" \/>\n<meta property=\"og:type\" content=\"article\" \/>\n<meta property=\"og:title\" content=\"R\u00e9vision m\u00e9tier &quot;Laborantin(e) CFC&quot; - Section Romande des Laboratoires\" \/>\n<meta property=\"og:description\" content=\"Documents officiels actuels Documents approuv\u00e9s par le SEFRI le 30 juin 2022\u00a0Acc\u00e8s au sharfile pour les membres SRL uniquement \u00a0 Ordonnance sur la formation professionnelle des laborantine\/laborantin (CFC) \u00a0 \u00a0Fran\u00e7ais &#8211; Allemand &#8211; Italien Plan de formation des\u00a0laborantine\/laborantin (CFC) \u00a0 \u00a0Fran\u00e7ais &#8211; Allemand &#8211; Italien FAQ\u00a0 \u00a0 \u00a0Fran\u00e7ais &#8211; Allemand Lexique de la formation professionnelle&hellip; Poursuivre la lecture R\u00e9vision m\u00e9tier \u00ab\u00a0Laborantin(e) CFC\u00a0\u00bb\" \/>\n<meta property=\"og:url\" content=\"https:\/\/s-r-l.ch\/?page_id=752\" \/>\n<meta property=\"og:site_name\" content=\"Section Romande des Laboratoires\" \/>\n<meta property=\"article:modified_time\" content=\"2026-04-02T14:25:36+00:00\" \/>\n<meta name=\"twitter:card\" content=\"summary_large_image\" \/>\n<meta name=\"twitter:label1\" content=\"Dur\u00e9e de lecture estim\u00e9e\" \/>\n\t<meta name=\"twitter:data1\" content=\"2 minutes\" \/>\n<script type=\"application\/ld+json\" class=\"yoast-schema-graph\">{\"@context\":\"https:\\\/\\\/schema.org\",\"@graph\":[{\"@type\":\"WebPage\",\"@id\":\"https:\\\/\\\/s-r-l.ch\\\/?page_id=752\",\"url\":\"https:\\\/\\\/s-r-l.ch\\\/?page_id=752\",\"name\":\"R\u00e9vision m\u00e9tier \\\"Laborantin(e) CFC\\\" - Section Romande des Laboratoires\",\"isPartOf\":{\"@id\":\"https:\\\/\\\/s-r-l.ch\\\/#website\"},\"datePublished\":\"2022-04-28T08:07:33+00:00\",\"dateModified\":\"2026-04-02T14:25:36+00:00\",\"breadcrumb\":{\"@id\":\"https:\\\/\\\/s-r-l.ch\\\/?page_id=752#breadcrumb\"},\"inLanguage\":\"fr-FR\",\"potentialAction\":[{\"@type\":\"ReadAction\",\"target\":[\"https:\\\/\\\/s-r-l.ch\\\/?page_id=752\"]}]},{\"@type\":\"BreadcrumbList\",\"@id\":\"https:\\\/\\\/s-r-l.ch\\\/?page_id=752#breadcrumb\",\"itemListElement\":[{\"@type\":\"ListItem\",\"position\":1,\"name\":\"Home\",\"item\":\"https:\\\/\\\/s-r-l.ch\\\/\"},{\"@type\":\"ListItem\",\"position\":2,\"name\":\"R\u00e9vision m\u00e9tier \u00ab\u00a0Laborantin(e) CFC\u00a0\u00bb\"}]},{\"@type\":\"WebSite\",\"@id\":\"https:\\\/\\\/s-r-l.ch\\\/#website\",\"url\":\"https:\\\/\\\/s-r-l.ch\\\/\",\"name\":\"Section Romande des Laboratoires\",\"description\":\"\",\"publisher\":{\"@id\":\"https:\\\/\\\/s-r-l.ch\\\/#organization\"},\"potentialAction\":[{\"@type\":\"SearchAction\",\"target\":{\"@type\":\"EntryPoint\",\"urlTemplate\":\"https:\\\/\\\/s-r-l.ch\\\/?s={search_term_string}\"},\"query-input\":{\"@type\":\"PropertyValueSpecification\",\"valueRequired\":true,\"valueName\":\"search_term_string\"}}],\"inLanguage\":\"fr-FR\"},{\"@type\":\"Organization\",\"@id\":\"https:\\\/\\\/s-r-l.ch\\\/#organization\",\"name\":\"Section Romande des Laboratoires\",\"url\":\"https:\\\/\\\/s-r-l.ch\\\/\",\"logo\":{\"@type\":\"ImageObject\",\"inLanguage\":\"fr-FR\",\"@id\":\"https:\\\/\\\/s-r-l.ch\\\/#\\\/schema\\\/logo\\\/image\\\/\",\"url\":\"https:\\\/\\\/s-r-l.ch\\\/wp-content\\\/uploads\\\/2021\\\/02\\\/SRL-logo.png\",\"contentUrl\":\"https:\\\/\\\/s-r-l.ch\\\/wp-content\\\/uploads\\\/2021\\\/02\\\/SRL-logo.png\",\"width\":472,\"height\":241,\"caption\":\"Section Romande des Laboratoires\"},\"image\":{\"@id\":\"https:\\\/\\\/s-r-l.ch\\\/#\\\/schema\\\/logo\\\/image\\\/\"}}]}<\/script>\n<!-- \/ Yoast SEO plugin. -->","yoast_head_json":{"title":"R\u00e9vision m\u00e9tier \"Laborantin(e) CFC\" - Section Romande des Laboratoires","robots":{"index":"index","follow":"follow","max-snippet":"max-snippet:-1","max-image-preview":"max-image-preview:large","max-video-preview":"max-video-preview:-1"},"canonical":"https:\/\/s-r-l.ch\/?page_id=752","og_locale":"fr_FR","og_type":"article","og_title":"R\u00e9vision m\u00e9tier \"Laborantin(e) CFC\" - Section Romande des Laboratoires","og_description":"Documents officiels actuels Documents approuv\u00e9s par le SEFRI le 30 juin 2022\u00a0Acc\u00e8s au sharfile pour les membres SRL uniquement \u00a0 Ordonnance sur la formation professionnelle des laborantine\/laborantin (CFC) \u00a0 \u00a0Fran\u00e7ais &#8211; Allemand &#8211; Italien Plan de formation des\u00a0laborantine\/laborantin (CFC) \u00a0 \u00a0Fran\u00e7ais &#8211; Allemand &#8211; Italien FAQ\u00a0 \u00a0 \u00a0Fran\u00e7ais &#8211; Allemand Lexique de la formation professionnelle&hellip; Poursuivre la lecture R\u00e9vision m\u00e9tier \u00ab\u00a0Laborantin(e) CFC\u00a0\u00bb","og_url":"https:\/\/s-r-l.ch\/?page_id=752","og_site_name":"Section Romande des Laboratoires","article_modified_time":"2026-04-02T14:25:36+00:00","twitter_card":"summary_large_image","twitter_misc":{"Dur\u00e9e de lecture estim\u00e9e":"2 minutes"},"schema":{"@context":"https:\/\/schema.org","@graph":[{"@type":"WebPage","@id":"https:\/\/s-r-l.ch\/?page_id=752","url":"https:\/\/s-r-l.ch\/?page_id=752","name":"R\u00e9vision m\u00e9tier \"Laborantin(e) CFC\" - Section Romande des Laboratoires","isPartOf":{"@id":"https:\/\/s-r-l.ch\/#website"},"datePublished":"2022-04-28T08:07:33+00:00","dateModified":"2026-04-02T14:25:36+00:00","breadcrumb":{"@id":"https:\/\/s-r-l.ch\/?page_id=752#breadcrumb"},"inLanguage":"fr-FR","potentialAction":[{"@type":"ReadAction","target":["https:\/\/s-r-l.ch\/?page_id=752"]}]},{"@type":"BreadcrumbList","@id":"https:\/\/s-r-l.ch\/?page_id=752#breadcrumb","itemListElement":[{"@type":"ListItem","position":1,"name":"Home","item":"https:\/\/s-r-l.ch\/"},{"@type":"ListItem","position":2,"name":"R\u00e9vision m\u00e9tier \u00ab\u00a0Laborantin(e) CFC\u00a0\u00bb"}]},{"@type":"WebSite","@id":"https:\/\/s-r-l.ch\/#website","url":"https:\/\/s-r-l.ch\/","name":"Section Romande des Laboratoires","description":"","publisher":{"@id":"https:\/\/s-r-l.ch\/#organization"},"potentialAction":[{"@type":"SearchAction","target":{"@type":"EntryPoint","urlTemplate":"https:\/\/s-r-l.ch\/?s={search_term_string}"},"query-input":{"@type":"PropertyValueSpecification","valueRequired":true,"valueName":"search_term_string"}}],"inLanguage":"fr-FR"},{"@type":"Organization","@id":"https:\/\/s-r-l.ch\/#organization","name":"Section Romande des Laboratoires","url":"https:\/\/s-r-l.ch\/","logo":{"@type":"ImageObject","inLanguage":"fr-FR","@id":"https:\/\/s-r-l.ch\/#\/schema\/logo\/image\/","url":"https:\/\/s-r-l.ch\/wp-content\/uploads\/2021\/02\/SRL-logo.png","contentUrl":"https:\/\/s-r-l.ch\/wp-content\/uploads\/2021\/02\/SRL-logo.png","width":472,"height":241,"caption":"Section Romande des Laboratoires"},"image":{"@id":"https:\/\/s-r-l.ch\/#\/schema\/logo\/image\/"}}]}},"_links":{"self":[{"href":"https:\/\/s-r-l.ch\/index.php?rest_route=\/wp\/v2\/pages\/752","targetHints":{"allow":["GET"]}}],"collection":[{"href":"https:\/\/s-r-l.ch\/index.php?rest_route=\/wp\/v2\/pages"}],"about":[{"href":"https:\/\/s-r-l.ch\/index.php?rest_route=\/wp\/v2\/types\/page"}],"author":[{"embeddable":true,"href":"https:\/\/s-r-l.ch\/index.php?rest_route=\/wp\/v2\/users\/1"}],"replies":[{"embeddable":true,"href":"https:\/\/s-r-l.ch\/index.php?rest_route=%2Fwp%2Fv2%2Fcomments&post=752"}],"version-history":[{"count":334,"href":"https:\/\/s-r-l.ch\/index.php?rest_route=\/wp\/v2\/pages\/752\/revisions"}],"predecessor-version":[{"id":1427,"href":"https:\/\/s-r-l.ch\/index.php?rest_route=\/wp\/v2\/pages\/752\/revisions\/1427"}],"wp:attachment":[{"href":"https:\/\/s-r-l.ch\/index.php?rest_route=%2Fwp%2Fv2%2Fmedia&parent=752"}],"curies":[{"name":"wp","href":"https:\/\/api.w.org\/{rel}","templated":true}]}}