{"id":544,"date":"2021-04-01T09:32:12","date_gmt":"2021-04-01T09:32:12","guid":{"rendered":"https:\/\/s-r-l.ch\/?page_id=544"},"modified":"2026-03-23T12:46:55","modified_gmt":"2026-03-23T12:46:55","slug":"formation-continue","status":"publish","type":"page","link":"https:\/\/s-r-l.ch\/?page_id=544","title":{"rendered":"Formation continue"},"content":{"rendered":"\t\t<div data-elementor-type=\"wp-page\" data-elementor-id=\"544\" class=\"elementor elementor-544\" data-elementor-post-type=\"page\">\n\t\t\t\t\t\t<section class=\"elementor-section elementor-top-section elementor-element elementor-element-a8d8089 elementor-section-boxed elementor-section-height-default elementor-section-height-default\" data-id=\"a8d8089\" data-element_type=\"section\" data-e-type=\"section\">\n\t\t\t\t\t\t<div class=\"elementor-container elementor-column-gap-default\">\n\t\t\t\t\t<div class=\"elementor-column elementor-col-100 elementor-top-column elementor-element elementor-element-e3ab710\" data-id=\"e3ab710\" data-element_type=\"column\" data-e-type=\"column\">\n\t\t\t<div class=\"elementor-widget-wrap elementor-element-populated\">\n\t\t\t\t\t\t<div class=\"elementor-element elementor-element-a7caef6 elementor-widget elementor-widget-spacer\" data-id=\"a7caef6\" data-element_type=\"widget\" data-e-type=\"widget\" data-widget_type=\"spacer.default\">\n\t\t\t\t<div class=\"elementor-widget-container\">\n\t\t\t\t\t\t\t<div class=\"elementor-spacer\">\n\t\t\t<div class=\"elementor-spacer-inner\"><\/div>\n\t\t<\/div>\n\t\t\t\t\t\t<\/div>\n\t\t\t\t<\/div>\n\t\t\t\t<div class=\"elementor-element elementor-element-f396512 elementor-widget elementor-widget-heading\" data-id=\"f396512\" data-element_type=\"widget\" data-e-type=\"widget\" data-widget_type=\"heading.default\">\n\t\t\t\t<div class=\"elementor-widget-container\">\n\t\t\t\t\t<h3 class=\"elementor-heading-title elementor-size-default\">Formation continue<\/h3>\t\t\t\t<\/div>\n\t\t\t\t<\/div>\n\t\t\t\t<div class=\"elementor-element elementor-element-831a959 elementor-widget elementor-widget-text-editor\" data-id=\"831a959\" data-element_type=\"widget\" data-e-type=\"widget\" data-widget_type=\"text-editor.default\">\n\t\t\t\t<div class=\"elementor-widget-container\">\n\t\t\t\t\t\t\t\t\t<p>L&rsquo;universit\u00e9 de Gen\u00e8ve a cr\u00e9\u00e9 un programme de <strong>formation continue<\/strong> accessible aux <strong>laborantin-es CFC<\/strong> et autres <strong>techniciens de laboratoire<\/strong>, en chimie et biologie.Ce programme a \u00e9t\u00e9 cr\u00e9er \u00a0sur les analyses de march\u00e9 et des besoins<\/p><p>Le programme et \u00a0inscriptions peuvent \u00eatre consult\u00e9s ici\u00a0: <a href=\"http:\/\/unige.ch\/formcont\/cours\/pratiques-laboratoire\" target=\"_blank\" rel=\"noopener\">unige.ch\/formcont\/cours\/pratiques-laboratoire<\/a><\/p>\t\t\t\t\t\t\t\t<\/div>\n\t\t\t\t<\/div>\n\t\t\t\t\t<\/div>\n\t\t<\/div>\n\t\t\t\t\t<\/div>\n\t\t<\/section>\n\t\t\t\t<section class=\"elementor-section elementor-top-section elementor-element elementor-element-039eb4b elementor-section-boxed elementor-section-height-default elementor-section-height-default\" data-id=\"039eb4b\" data-element_type=\"section\" data-e-type=\"section\">\n\t\t\t\t\t\t\t<div class=\"elementor-background-overlay\"><\/div>\n\t\t\t\t\t\t\t<div class=\"elementor-container elementor-column-gap-default\">\n\t\t\t\t\t<div class=\"elementor-column elementor-col-100 elementor-top-column elementor-element elementor-element-1322f12\" data-id=\"1322f12\" data-element_type=\"column\" data-e-type=\"column\">\n\t\t\t<div class=\"elementor-widget-wrap elementor-element-populated\">\n\t\t\t\t\t\t<div class=\"elementor-element elementor-element-767b7d3 elementor-widget elementor-widget-heading\" data-id=\"767b7d3\" data-element_type=\"widget\" data-e-type=\"widget\" data-widget_type=\"heading.default\">\n\t\t\t\t<div class=\"elementor-widget-container\">\n\t\t\t\t\t<h3 class=\"elementor-heading-title elementor-size-default\">Associations professionnelles :<\/h3>\t\t\t\t<\/div>\n\t\t\t\t<\/div>\n\t\t\t\t<div class=\"elementor-element elementor-element-08ce4d9 elementor-widget elementor-widget-text-editor\" data-id=\"08ce4d9\" data-element_type=\"widget\" data-e-type=\"widget\" data-widget_type=\"text-editor.default\">\n\t\t\t\t<div class=\"elementor-widget-container\">\n\t\t\t\t\t\t\t\t\t<p>Gen\u00e8ve\u00a0: AGML \u2013\u00a0<a href=\"https:\/\/agemel.ch\/\" target=\"_blank\" rel=\"noopener\">https:\/\/agemel.ch<\/a><\/p><p>Vaud\u00a0: AVML \u2013\u00a0<a href=\"https:\/\/wp.unil.ch\/avml\" target=\"_blank\" rel=\"noopener\">https:\/\/wp.unil.ch\/avml<\/a><\/p><p>Valais\u00a0:\u00a0<a href=\"http:\/\/www.avic.ch\/\" target=\"_blank\" rel=\"noopener\">www.avic.ch<\/a><\/p>\t\t\t\t\t\t\t\t<\/div>\n\t\t\t\t<\/div>\n\t\t\t\t<div class=\"elementor-element elementor-element-ca484bb elementor-widget elementor-widget-heading\" data-id=\"ca484bb\" data-element_type=\"widget\" data-e-type=\"widget\" data-widget_type=\"heading.default\">\n\t\t\t\t<div class=\"elementor-widget-container\">\n\t\t\t\t\t<h3 class=\"elementor-heading-title elementor-size-default\">Autorit\u00e9s cantonales de la formation :<\/h3>\t\t\t\t<\/div>\n\t\t\t\t<\/div>\n\t\t\t\t<div class=\"elementor-element elementor-element-0b1d0a6 elementor-widget elementor-widget-text-editor\" data-id=\"0b1d0a6\" data-element_type=\"widget\" data-e-type=\"widget\" data-widget_type=\"text-editor.default\">\n\t\t\t\t<div class=\"elementor-widget-container\">\n\t\t\t\t\t\t\t\t\t<p>Gen\u00e8ve\u00a0: OFPC\u00a0<a href=\"https:\/\/www.ge.ch\/organisation\/direction-generale-office-orientation-formation-professionnelle-continue\" target=\"_blank\" rel=\"noopener\">https:\/\/www.ge.ch\/organisation\/direction-generale-office-orientation-formation-professionnelle-continue<\/a><\/p><p>Vaud\u00a0: DFJC\u00a0<a href=\"https:\/\/www.vd.ch\/toutes-les-autorites\/departements\/departement-de-la-formation-de-la-jeunesse-et-de-la-culture-dfjc\/\" target=\"_blank\" rel=\"noopener\">https:\/\/www.vd.ch\/toutes-les-autorites\/departements\/departement-de-la-formation-de-la-jeunesse-et-de-la-culture-dfjc<\/a><\/p><p>Valais\u00a0:\u00a0<a href=\"https:\/\/www.vs.ch\/web\/sfop\" target=\"_blank\" rel=\"noopener\">https:\/\/www.vs.ch\/web\/sfop<\/a><\/p>\t\t\t\t\t\t\t\t<\/div>\n\t\t\t\t<\/div>\n\t\t\t\t<div class=\"elementor-element elementor-element-17844ea elementor-widget elementor-widget-heading\" data-id=\"17844ea\" data-element_type=\"widget\" data-e-type=\"widget\" data-widget_type=\"heading.default\">\n\t\t\t\t<div class=\"elementor-widget-container\">\n\t\t\t\t\t<h3 class=\"elementor-heading-title elementor-size-default\">Centres de formation professionnelle :<\/h3>\t\t\t\t<\/div>\n\t\t\t\t<\/div>\n\t\t\t\t<div class=\"elementor-element elementor-element-aa83d14 elementor-widget elementor-widget-text-editor\" data-id=\"aa83d14\" data-element_type=\"widget\" data-e-type=\"widget\" data-widget_type=\"text-editor.default\">\n\t\t\t\t<div class=\"elementor-widget-container\">\n\t\t\t\t\t\t\t\t\t<p>Gen\u00e8ve : Centre de Formation professionnelle sant\u00e9 et social &#8211; \u00c9cole des m\u00e9tiers du laboratoire <a href=\"https:\/\/edu.ge.ch\/secondaire2\/eclab\/accueil\" target=\"_blank\" rel=\"noopener noreferrer\">https:\/\/edu.ge.ch\/secondaire2\/eclab\/accueil<\/a><\/p><p>Neuch\u00e2tel\u00a0: Centre professionnel du Littoral neuch\u00e2telois, Ecole technique\u00a0<a href=\"https:\/\/www.cpne.ch\/\" target=\"_blank\" rel=\"noopener noreferrer\">https:\/\/www.cpne.ch\/<\/a><\/p><p>Jura\u00a0: Ecole des m\u00e9tiers techniques de Porrentruy\u00a0<a href=\"https:\/\/www.divtec.ch\/\" target=\"_blank\" rel=\"noopener noreferrer\">https:\/\/www.divtec.ch\/<\/a><\/p><p>Valais\u00a0: Ecole intercantonale de Laborantin en chimie EIL\u00a0<a href=\"https:\/\/epic-monthey.ch\/\" target=\"_blank\" rel=\"noopener noreferrer\">https:\/\/epic-monthey.ch\/<\/a><\/p><p>Vaud : Ecole professionnelle Vaud Ecole sup\u00e9rieure de la Sant\u00e9\u00a0<a href=\"https:\/\/www.essante.ch\/\">https:\/\/www.essante.ch\/<\/a><\/p><p><span lang=\"DE-CH\">Fribourg\u00a0: Gewerblich- und Industrielle Berufsfachschule Freiburg (GIBS)\u00a0<\/span><a href=\"https:\/\/www.fr.ch\/epai\" target=\"_blank\" rel=\"noopener noreferrer\"><span lang=\"DE-CH\">https:\/\/www.fr.ch\/epai<\/span><\/a><\/p>\t\t\t\t\t\t\t\t<\/div>\n\t\t\t\t<\/div>\n\t\t\t\t<div class=\"elementor-element elementor-element-ec0c15c elementor-widget elementor-widget-heading\" data-id=\"ec0c15c\" data-element_type=\"widget\" data-e-type=\"widget\" data-widget_type=\"heading.default\">\n\t\t\t\t<div class=\"elementor-widget-container\">\n\t\t\t\t\t<h3 class=\"elementor-heading-title elementor-size-default\">Maturit\u00e9 professionnelle<\/h3>\t\t\t\t<\/div>\n\t\t\t\t<\/div>\n\t\t\t\t<div class=\"elementor-element elementor-element-3acb180 elementor-widget elementor-widget-text-editor\" data-id=\"3acb180\" data-element_type=\"widget\" data-e-type=\"widget\" data-widget_type=\"text-editor.default\">\n\t\t\t\t<div class=\"elementor-widget-container\">\n\t\t\t\t\t\t\t\t\t<p><a href=\"https:\/\/maturiteprofessionnelle.ch\/\" target=\"_blank\" rel=\"noopener\">maturiteprofessionnelle.ch<\/a><\/p>\t\t\t\t\t\t\t\t<\/div>\n\t\t\t\t<\/div>\n\t\t\t\t<div class=\"elementor-element elementor-element-2a18d14 elementor-widget elementor-widget-heading\" data-id=\"2a18d14\" data-element_type=\"widget\" data-e-type=\"widget\" data-widget_type=\"heading.default\">\n\t\t\t\t<div class=\"elementor-widget-container\">\n\t\t\t\t\t<h3 class=\"elementor-heading-title elementor-size-default\">R\u00e9vision m\u00e9tier<\/h3>\t\t\t\t<\/div>\n\t\t\t\t<\/div>\n\t\t\t\t<div class=\"elementor-element elementor-element-cf90933 elementor-widget elementor-widget-text-editor\" data-id=\"cf90933\" data-element_type=\"widget\" data-e-type=\"widget\" data-widget_type=\"text-editor.default\">\n\t\t\t\t<div class=\"elementor-widget-container\">\n\t\t\t\t\t\t\t\t\t<p><a href=\"https:\/\/s-r-l.ch\/wp-content\/uploads\/2022\/04\/IAK-LaborantIn-EFZ-v4.2-20220311_FR-1.pdf\" target=\"_blank\" rel=\"noopener\">Concept d\u2019information et de formation (CIF) pour les responsables de la formation professionnelle<\/a><\/p>\t\t\t\t\t\t\t\t<\/div>\n\t\t\t\t<\/div>\n\t\t\t\t<div class=\"elementor-element elementor-element-d2f5165 elementor-widget elementor-widget-spacer\" data-id=\"d2f5165\" data-element_type=\"widget\" data-e-type=\"widget\" data-widget_type=\"spacer.default\">\n\t\t\t\t<div class=\"elementor-widget-container\">\n\t\t\t\t\t\t\t<div class=\"elementor-spacer\">\n\t\t\t<div class=\"elementor-spacer-inner\"><\/div>\n\t\t<\/div>\n\t\t\t\t\t\t<\/div>\n\t\t\t\t<\/div>\n\t\t\t\t\t<\/div>\n\t\t<\/div>\n\t\t\t\t\t<\/div>\n\t\t<\/section>\n\t\t\t\t<\/div>\n\t\t","protected":false},"excerpt":{"rendered":"<p>Formation continue L&rsquo;universit\u00e9 de Gen\u00e8ve a cr\u00e9\u00e9 un programme de formation continue accessible aux laborantin-es CFC et autres techniciens de laboratoire, en chimie et biologie.Ce programme a \u00e9t\u00e9 cr\u00e9er \u00a0sur les analyses de march\u00e9 et des besoins Le programme et \u00a0inscriptions peuvent \u00eatre consult\u00e9s ici\u00a0: unige.ch\/formcont\/cours\/pratiques-laboratoire Associations professionnelles : Gen\u00e8ve\u00a0: AGML \u2013\u00a0https:\/\/agemel.ch Vaud\u00a0: AVML \u2013\u00a0https:\/\/wp.unil.ch\/avml&hellip; <a class=\"more-link\" href=\"https:\/\/s-r-l.ch\/?page_id=544\">Poursuivre la lecture <span class=\"screen-reader-text\">Formation continue<\/span><\/a><\/p>\n","protected":false},"author":1,"featured_media":0,"parent":0,"menu_order":0,"comment_status":"closed","ping_status":"closed","template":"elementor_header_footer","meta":{"footnotes":""},"class_list":["post-544","page","type-page","status-publish","hentry","entry"],"yoast_head":"<!-- This site is optimized with the Yoast SEO plugin v27.6 - https:\/\/yoast.com\/product\/yoast-seo-wordpress\/ -->\n<title>Formation continue - Section Romande des Laboratoires<\/title>\n<meta name=\"robots\" content=\"index, follow, max-snippet:-1, max-image-preview:large, max-video-preview:-1\" \/>\n<link rel=\"canonical\" href=\"https:\/\/s-r-l.ch\/?page_id=544\" \/>\n<meta property=\"og:locale\" content=\"fr_FR\" \/>\n<meta property=\"og:type\" content=\"article\" \/>\n<meta property=\"og:title\" content=\"Formation continue - Section Romande des Laboratoires\" \/>\n<meta property=\"og:description\" content=\"Formation continue L&rsquo;universit\u00e9 de Gen\u00e8ve a cr\u00e9\u00e9 un programme de formation continue accessible aux laborantin-es CFC et autres techniciens de laboratoire, en chimie et biologie.Ce programme a \u00e9t\u00e9 cr\u00e9er \u00a0sur les analyses de march\u00e9 et des besoins Le programme et \u00a0inscriptions peuvent \u00eatre consult\u00e9s ici\u00a0: unige.ch\/formcont\/cours\/pratiques-laboratoire Associations professionnelles : Gen\u00e8ve\u00a0: AGML \u2013\u00a0https:\/\/agemel.ch Vaud\u00a0: AVML \u2013\u00a0https:\/\/wp.unil.ch\/avml&hellip; Poursuivre la lecture Formation continue\" \/>\n<meta property=\"og:url\" content=\"https:\/\/s-r-l.ch\/?page_id=544\" \/>\n<meta property=\"og:site_name\" content=\"Section Romande des Laboratoires\" \/>\n<meta property=\"article:modified_time\" content=\"2026-03-23T12:46:55+00:00\" \/>\n<meta name=\"twitter:card\" content=\"summary_large_image\" \/>\n<meta name=\"twitter:label1\" content=\"Dur\u00e9e de lecture estim\u00e9e\" \/>\n\t<meta name=\"twitter:data1\" content=\"1 minute\" \/>\n<script type=\"application\/ld+json\" class=\"yoast-schema-graph\">{\"@context\":\"https:\\\/\\\/schema.org\",\"@graph\":[{\"@type\":\"WebPage\",\"@id\":\"https:\\\/\\\/s-r-l.ch\\\/?page_id=544\",\"url\":\"https:\\\/\\\/s-r-l.ch\\\/?page_id=544\",\"name\":\"Formation continue - Section Romande des Laboratoires\",\"isPartOf\":{\"@id\":\"https:\\\/\\\/s-r-l.ch\\\/#website\"},\"datePublished\":\"2021-04-01T09:32:12+00:00\",\"dateModified\":\"2026-03-23T12:46:55+00:00\",\"breadcrumb\":{\"@id\":\"https:\\\/\\\/s-r-l.ch\\\/?page_id=544#breadcrumb\"},\"inLanguage\":\"fr-FR\",\"potentialAction\":[{\"@type\":\"ReadAction\",\"target\":[\"https:\\\/\\\/s-r-l.ch\\\/?page_id=544\"]}]},{\"@type\":\"BreadcrumbList\",\"@id\":\"https:\\\/\\\/s-r-l.ch\\\/?page_id=544#breadcrumb\",\"itemListElement\":[{\"@type\":\"ListItem\",\"position\":1,\"name\":\"Home\",\"item\":\"https:\\\/\\\/s-r-l.ch\\\/\"},{\"@type\":\"ListItem\",\"position\":2,\"name\":\"Formation continue\"}]},{\"@type\":\"WebSite\",\"@id\":\"https:\\\/\\\/s-r-l.ch\\\/#website\",\"url\":\"https:\\\/\\\/s-r-l.ch\\\/\",\"name\":\"Section Romande des Laboratoires\",\"description\":\"\",\"publisher\":{\"@id\":\"https:\\\/\\\/s-r-l.ch\\\/#organization\"},\"potentialAction\":[{\"@type\":\"SearchAction\",\"target\":{\"@type\":\"EntryPoint\",\"urlTemplate\":\"https:\\\/\\\/s-r-l.ch\\\/?s={search_term_string}\"},\"query-input\":{\"@type\":\"PropertyValueSpecification\",\"valueRequired\":true,\"valueName\":\"search_term_string\"}}],\"inLanguage\":\"fr-FR\"},{\"@type\":\"Organization\",\"@id\":\"https:\\\/\\\/s-r-l.ch\\\/#organization\",\"name\":\"Section Romande des Laboratoires\",\"url\":\"https:\\\/\\\/s-r-l.ch\\\/\",\"logo\":{\"@type\":\"ImageObject\",\"inLanguage\":\"fr-FR\",\"@id\":\"https:\\\/\\\/s-r-l.ch\\\/#\\\/schema\\\/logo\\\/image\\\/\",\"url\":\"https:\\\/\\\/s-r-l.ch\\\/wp-content\\\/uploads\\\/2021\\\/02\\\/SRL-logo.png\",\"contentUrl\":\"https:\\\/\\\/s-r-l.ch\\\/wp-content\\\/uploads\\\/2021\\\/02\\\/SRL-logo.png\",\"width\":472,\"height\":241,\"caption\":\"Section Romande des Laboratoires\"},\"image\":{\"@id\":\"https:\\\/\\\/s-r-l.ch\\\/#\\\/schema\\\/logo\\\/image\\\/\"}}]}<\/script>\n<!-- \/ Yoast SEO plugin. -->","yoast_head_json":{"title":"Formation continue - Section Romande des Laboratoires","robots":{"index":"index","follow":"follow","max-snippet":"max-snippet:-1","max-image-preview":"max-image-preview:large","max-video-preview":"max-video-preview:-1"},"canonical":"https:\/\/s-r-l.ch\/?page_id=544","og_locale":"fr_FR","og_type":"article","og_title":"Formation continue - Section Romande des Laboratoires","og_description":"Formation continue L&rsquo;universit\u00e9 de Gen\u00e8ve a cr\u00e9\u00e9 un programme de formation continue accessible aux laborantin-es CFC et autres techniciens de laboratoire, en chimie et biologie.Ce programme a \u00e9t\u00e9 cr\u00e9er \u00a0sur les analyses de march\u00e9 et des besoins Le programme et \u00a0inscriptions peuvent \u00eatre consult\u00e9s ici\u00a0: unige.ch\/formcont\/cours\/pratiques-laboratoire Associations professionnelles : Gen\u00e8ve\u00a0: AGML \u2013\u00a0https:\/\/agemel.ch Vaud\u00a0: AVML \u2013\u00a0https:\/\/wp.unil.ch\/avml&hellip; Poursuivre la lecture Formation continue","og_url":"https:\/\/s-r-l.ch\/?page_id=544","og_site_name":"Section Romande des Laboratoires","article_modified_time":"2026-03-23T12:46:55+00:00","twitter_card":"summary_large_image","twitter_misc":{"Dur\u00e9e de lecture estim\u00e9e":"1 minute"},"schema":{"@context":"https:\/\/schema.org","@graph":[{"@type":"WebPage","@id":"https:\/\/s-r-l.ch\/?page_id=544","url":"https:\/\/s-r-l.ch\/?page_id=544","name":"Formation continue - Section Romande des Laboratoires","isPartOf":{"@id":"https:\/\/s-r-l.ch\/#website"},"datePublished":"2021-04-01T09:32:12+00:00","dateModified":"2026-03-23T12:46:55+00:00","breadcrumb":{"@id":"https:\/\/s-r-l.ch\/?page_id=544#breadcrumb"},"inLanguage":"fr-FR","potentialAction":[{"@type":"ReadAction","target":["https:\/\/s-r-l.ch\/?page_id=544"]}]},{"@type":"BreadcrumbList","@id":"https:\/\/s-r-l.ch\/?page_id=544#breadcrumb","itemListElement":[{"@type":"ListItem","position":1,"name":"Home","item":"https:\/\/s-r-l.ch\/"},{"@type":"ListItem","position":2,"name":"Formation continue"}]},{"@type":"WebSite","@id":"https:\/\/s-r-l.ch\/#website","url":"https:\/\/s-r-l.ch\/","name":"Section Romande des Laboratoires","description":"","publisher":{"@id":"https:\/\/s-r-l.ch\/#organization"},"potentialAction":[{"@type":"SearchAction","target":{"@type":"EntryPoint","urlTemplate":"https:\/\/s-r-l.ch\/?s={search_term_string}"},"query-input":{"@type":"PropertyValueSpecification","valueRequired":true,"valueName":"search_term_string"}}],"inLanguage":"fr-FR"},{"@type":"Organization","@id":"https:\/\/s-r-l.ch\/#organization","name":"Section Romande des Laboratoires","url":"https:\/\/s-r-l.ch\/","logo":{"@type":"ImageObject","inLanguage":"fr-FR","@id":"https:\/\/s-r-l.ch\/#\/schema\/logo\/image\/","url":"https:\/\/s-r-l.ch\/wp-content\/uploads\/2021\/02\/SRL-logo.png","contentUrl":"https:\/\/s-r-l.ch\/wp-content\/uploads\/2021\/02\/SRL-logo.png","width":472,"height":241,"caption":"Section Romande des Laboratoires"},"image":{"@id":"https:\/\/s-r-l.ch\/#\/schema\/logo\/image\/"}}]}},"_links":{"self":[{"href":"https:\/\/s-r-l.ch\/index.php?rest_route=\/wp\/v2\/pages\/544","targetHints":{"allow":["GET"]}}],"collection":[{"href":"https:\/\/s-r-l.ch\/index.php?rest_route=\/wp\/v2\/pages"}],"about":[{"href":"https:\/\/s-r-l.ch\/index.php?rest_route=\/wp\/v2\/types\/page"}],"author":[{"embeddable":true,"href":"https:\/\/s-r-l.ch\/index.php?rest_route=\/wp\/v2\/users\/1"}],"replies":[{"embeddable":true,"href":"https:\/\/s-r-l.ch\/index.php?rest_route=%2Fwp%2Fv2%2Fcomments&post=544"}],"version-history":[{"count":25,"href":"https:\/\/s-r-l.ch\/index.php?rest_route=\/wp\/v2\/pages\/544\/revisions"}],"predecessor-version":[{"id":1382,"href":"https:\/\/s-r-l.ch\/index.php?rest_route=\/wp\/v2\/pages\/544\/revisions\/1382"}],"wp:attachment":[{"href":"https:\/\/s-r-l.ch\/index.php?rest_route=%2Fwp%2Fv2%2Fmedia&parent=544"}],"curies":[{"name":"wp","href":"https:\/\/api.w.org\/{rel}","templated":true}]}}